{"id":385,"date":"2020-12-08T18:34:06","date_gmt":"2020-12-08T17:34:06","guid":{"rendered":"http:\/\/notredamedeguadalupeparis.fr\/?page_id=385"},"modified":"2026-01-04T17:25:14","modified_gmt":"2026-01-04T16:25:14","slug":"programma","status":"publish","type":"page","link":"https:\/\/notredamedeguadalupeparis.fr\/index.php\/programma\/","title":{"rendered":"Programme"},"content":{"rendered":"\n<p class=\"has-medium-font-size\"><strong><span class=\"has-inline-color has-colibri-color-1-color\"><strong>Dimanche 14 d\u00e9cembre 2025<\/strong><\/span><\/strong><\/p>\n\n\n\n<p><strong><strong>15h00<\/strong><\/strong><\/p>\n\n\n\n<p>Accueil des fid\u00e8les. <br>Recepci\u00f3n de los fieles<\/p>\n\n\n\n<p><strong><strong>15h45<\/strong><\/strong>&nbsp;<\/p>\n\n\n\n<p>Messe solennelle en l\u2019honneur de la Tr\u00e8s Sainte Vierge de Guadalupe. Lectures et sermon en espagnol et en fran\u00e7ais.&nbsp;<br>Misa solemne en honor a Nuestra Sant\u00edsima Virgen de Guadalupe. Lecturas y serm\u00f3n en espa\u00f1ol y en franc\u00e9s.&nbsp;<\/p>\n\n\n\n<p>Le groupe de musiciens mariachi &#8220;Mariachido&#8221; chantera&nbsp;<em>Las Ma\u00f1anitas<\/em>&nbsp;et&nbsp;<em>La Guadalupana<\/em>.<\/p>\n\n\n\n<p>&nbsp;<\/p>\n\n\n\n<div class=\"wp-block-image\"><figure class=\"alignleft size-large is-resized\"><img loading=\"lazy\" src=\"http:\/\/notredamedeguadalupeparis.fr\/wp-content\/uploads\/2024\/11\/fer_machado.jpg\" alt=\"\" class=\"wp-image-658\" width=\"200\" height=\"256\"\/><\/figure><\/div>\n\n\n\n<p><strong>&#8220;<em><strong>Ser\u00e1 un gusto acompa\u00f1ar ma celebraci\u00f3n guadalupana con nuestra m\u00fasica. Les esperamos para compartir juntos este momento especial en Par\u00eds.<\/strong>.&nbsp;  <\/em><\/strong><\/p>\n\n\n\n<p><\/p>\n\n\n\n<p><\/p>\n\n\n\n<p><\/p>\n\n\n\n<p><strong><strong><strong>Musique \u2013 Messe polyphonique \u00e0 8 voix compos\u00e9e par le maestro Juan Guti\u00e9rrez de Padilla.&nbsp;<\/strong><\/strong><\/strong><\/p>\n\n\n\n<p>Vous aurez le privil\u00e8ge d\u2019entendre pour la 1\u00e8re fois en France dans son contexte liturgique <strong><strong>la messe \u00e0 8&nbsp;voix compos\u00e9e par le maestro Juan Guti\u00e9rrez de Padilla, qui fut ma\u00eetre de chapelle de la cath\u00e9drale de Puebla en Nouvelle-Espagne (Mexique) entre 1629 et 1664.<\/strong><\/strong><\/p>\n\n\n\n<p>Chant en Quechua issu du r\u00e9pertoire de la cath\u00e9drale de Lima au P\u00e9rou (17e si\u00e8cle).<\/p>\n\n\n\n<p><strong><strong>17h00<\/strong><\/strong>\u00a0<\/p>\n\n\n\n<p>\u00a0La f\u00eate continue \u00e0 l&#8217;Espace du Bon Berger (9 rue Berg\u00e8re) au son des mariachis. Une restauration mexicaine sera propos\u00e9 par le traiteur Monsieur Cactus.<\/p>\n\n\n\n<p>.<\/p>\n\n\n\n<p><\/p>\n\n\n\n<figure class=\"wp-block-image size-large\"><img loading=\"lazy\" width=\"1024\" height=\"690\" src=\"http:\/\/notredamedeguadalupeparis.fr\/wp-content\/uploads\/2020\/12\/cropped-ima3-1024x690.jpg\" alt=\"\" class=\"wp-image-126\" srcset=\"https:\/\/notredamedeguadalupeparis.fr\/wp-content\/uploads\/2020\/12\/cropped-ima3-1024x690.jpg 1024w, https:\/\/notredamedeguadalupeparis.fr\/wp-content\/uploads\/2020\/12\/cropped-ima3-300x202.jpg 300w, https:\/\/notredamedeguadalupeparis.fr\/wp-content\/uploads\/2020\/12\/cropped-ima3-768x517.jpg 768w, https:\/\/notredamedeguadalupeparis.fr\/wp-content\/uploads\/2020\/12\/cropped-ima3.jpg 1084w\" sizes=\"(max-width: 1024px) 100vw, 1024px\" \/><\/figure>\n","protected":false},"excerpt":{"rendered":"<p>Dimanche 14 d\u00e9cembre 2025 15h00 Accueil des fid\u00e8les. Recepci\u00f3n de los fieles 15h45&nbsp; Messe solennelle en l\u2019honneur de la Tr\u00e8s Sainte Vierge de Guadalupe. Lectures et sermon en espagnol et en fran\u00e7ais.&nbsp;Misa solemne en honor a Nuestra Sant\u00edsima Virgen de Guadalupe. Lecturas y serm\u00f3n en espa\u00f1ol y en franc\u00e9s.&nbsp; Le groupe de musiciens mariachi &#8220;Mariachido&#8221; [&hellip;]<\/p>\n","protected":false},"author":1,"featured_media":0,"parent":0,"menu_order":0,"comment_status":"closed","ping_status":"closed","template":"","meta":[],"_links":{"self":[{"href":"https:\/\/notredamedeguadalupeparis.fr\/index.php\/wp-json\/wp\/v2\/pages\/385"}],"collection":[{"href":"https:\/\/notredamedeguadalupeparis.fr\/index.php\/wp-json\/wp\/v2\/pages"}],"about":[{"href":"https:\/\/notredamedeguadalupeparis.fr\/index.php\/wp-json\/wp\/v2\/types\/page"}],"author":[{"embeddable":true,"href":"https:\/\/notredamedeguadalupeparis.fr\/index.php\/wp-json\/wp\/v2\/users\/1"}],"replies":[{"embeddable":true,"href":"https:\/\/notredamedeguadalupeparis.fr\/index.php\/wp-json\/wp\/v2\/comments?post=385"}],"version-history":[{"count":15,"href":"https:\/\/notredamedeguadalupeparis.fr\/index.php\/wp-json\/wp\/v2\/pages\/385\/revisions"}],"predecessor-version":[{"id":803,"href":"https:\/\/notredamedeguadalupeparis.fr\/index.php\/wp-json\/wp\/v2\/pages\/385\/revisions\/803"}],"wp:attachment":[{"href":"https:\/\/notredamedeguadalupeparis.fr\/index.php\/wp-json\/wp\/v2\/media?parent=385"}],"curies":[{"name":"wp","href":"https:\/\/api.w.org\/{rel}","templated":true}]}}